{"id":89,"date":"2020-02-26T06:04:38","date_gmt":"2020-02-26T06:04:38","guid":{"rendered":"https:\/\/www.kalbermatter.edu.pe\/?page_id=89"},"modified":"2020-03-05T16:53:22","modified_gmt":"2020-03-05T16:53:22","slug":"historia","status":"publish","type":"page","link":"https:\/\/www.kalbermatter.edu.pe\/index.php\/historia\/","title":{"rendered":"Historia"},"content":{"rendered":"\n<p>\nHablar\nde la historia de este prestigioso colegio es remontarse al a\u00f1o de \n<strong>1977<\/strong>.  La Asociaci\u00f3n Educativa del Colegio Adventista Pedro\nKalbermatter, <em>el 27 de diciembre fue\n<\/em><em><strong>creada bajo la Resoluci\u00f3n\nDirectoral zonal N\u00b0 1367-DZE 73<\/strong><\/em><em>,\nb\u00e1sico regular de I y II ciclo de Bellavista, en el a\u00f1o 1989 bajo\nla Resoluci\u00f3n Directoral N\u00b0 143 fue autorizado la apertura y\nfuncionamiento con el nombre Colegio no Estatal Adventista\n\u201cBellavista\u201d para los Niveles de Educaci\u00f3n Primaria y\nSecundaria. Seg\u00fan la Resoluci\u00f3n Directoral N\u00b0347 se resuelve\naprobar el cambio de nombre como Colegio no Estatal Adventista \u201cPedro\nkalbermatter\u201d de Juliaca, a trav\u00e9s de la Resoluci\u00f3n Directoral\nRegional N\u00b01476-2013-DREP se resuelve autorizar el funcionamiento\ndel Nivel de Educaci\u00f3n Inicial para los tres, cuatro y cinco a\u00f1os\nde edad. Esta Instituci\u00f3n se encuentra ubicado en el barrio de Santa\nMar\u00eda del Distrito de Juliaca Provincia San Rom\u00e1n, Departamento\nPuno  <\/em>\n<\/p>\n\n\n\n<p>\nDel\nmismo modo reconocemos y damos un profundo agradecimiento a los\nprimeros hombres que fundaron y lucharon por levantar este renombrado\ncolegio, a los promotores educativos: <em><strong>Ambrosio\nLeonardo Huamanquispe,<\/strong><\/em><em><strong>Eleuterio Sosa Astete<\/strong><\/em><strong>,\n<\/strong><em><strong>Fortunato Jove Anco<\/strong><\/em><strong>,\n<\/strong><em><strong>Ernesto Pacori Mamani<\/strong><\/em><strong>\ny a <\/strong><em><strong>Jos\u00e9 Hallasi Apaza<\/strong><\/em><em>.<\/em>\nSiendo\nsu primer Director Profesor <em><strong>Eleuterio\nSosa Astete<\/strong><\/em>,\nde la Escuela Bellavista, posteriormente fue cambiado con el nombre\ndel Colegio no Estatal Adventista Pedro Kalbermatter de Juliaca.\nDesde ese entonces han pasado muchos directores&nbsp;y profesores por\nlas aulas de nuestra Prestigiosa Instituci\u00f3n.<\/p>\n\n\n\n<p>\nActualmente\nla Instituci\u00f3n Educativa Adventista se encuentra bajo la Direcci\u00f3n\ndel Lic. Raynaldo Apaza Lampa como Director General. Esta casa de\nestudios va <em>cumpliendo sus <\/em><em><strong>42\na\u00f1os al servicio de la Educaci\u00f3n Integral<\/strong><\/em><em>\nde nuestra ni\u00f1ez y juventud. <\/em>Desarroll\u00e1ndose\nen forma progresiva. Bajo la batuta del l\u00edder ya mencionado.<\/p>\n\n\n\n<p>\nNuestra\nmeta es lograr una formaci\u00f3n Integral y tenemos como lema: <strong>\u201cUn\nKalbermatino, L\u00edder en Cristo y Ejemplo de Humanidad\u201d.<\/strong>\nAdem\u00e1s, se busca fortalecer e incrementar las capacidades y\nhabilidades de las y los estudiantes con talleres de m\u00fasica,\ntalleres de arte, producci\u00f3n de textos, campa\u00f1as de proyecci\u00f3n\nsocial, Escuela para Padres, esto conjuntamente a las capacitaciones\nperi\u00f3dicas que reciben el personal docente, y administrativo. \n<\/p>\n\n\n\n<p>\nLa\neducaci\u00f3n impartida en el Colegio Adventista \u201cPedro Kalbermatter\u201d\nse rige bajo 5 principios cristianos y los valores \u00e9ticos y morales:\n<strong>El amor, el respeto, la solidaridad,\nhonestidad, gratitud, responsabilidad social y ambiental. <\/strong>La\nInstituci\u00f3n educativa  cuenta con\ntecnolog\u00eda de punta, para los tres de niveles.<\/p>\n\n\n\n<p>\nSer\nl\u00edder es una responsabilidad que debemos asumir con humildad,\ngenerosidad y prudencia. Seguir a Cristo no es tarea f\u00e1cil, todo\njoven debe de imitar el car\u00e1cter de Jesucristo y como Instituci\u00f3n\nEducativa esa es nuestra misi\u00f3n.<\/p>\n<!-- AddThis Advanced Settings generic via filter on the_content --><!-- AddThis Share Buttons generic via filter on the_content -->","protected":false},"excerpt":{"rendered":"<p>Hablar de la historia de este prestigioso colegio es remontarse al a\u00f1o de 1977. La Asociaci\u00f3n Educativa del Colegio Adventista Pedro Kalbermatter, el 27 de diciembre fue creada bajo la Resoluci\u00f3n Directoral zonal N\u00b0 1367-DZE 73, b\u00e1sico regular de I y II ciclo de Bellavista, en el a\u00f1o 1989 bajo [&hellip;]<!-- AddThis Advanced Settings generic via filter on get_the_excerpt --><!-- AddThis Share Buttons generic via filter on get_the_excerpt --><\/p>\n","protected":false},"author":1,"featured_media":0,"parent":0,"menu_order":0,"comment_status":"closed","ping_status":"closed","template":"","meta":{"footnotes":""},"class_list":["post-89","page","type-page","status-publish","hentry"],"_links":{"self":[{"href":"https:\/\/www.kalbermatter.edu.pe\/index.php\/wp-json\/wp\/v2\/pages\/89","targetHints":{"allow":["GET"]}}],"collection":[{"href":"https:\/\/www.kalbermatter.edu.pe\/index.php\/wp-json\/wp\/v2\/pages"}],"about":[{"href":"https:\/\/www.kalbermatter.edu.pe\/index.php\/wp-json\/wp\/v2\/types\/page"}],"author":[{"embeddable":true,"href":"https:\/\/www.kalbermatter.edu.pe\/index.php\/wp-json\/wp\/v2\/users\/1"}],"replies":[{"embeddable":true,"href":"https:\/\/www.kalbermatter.edu.pe\/index.php\/wp-json\/wp\/v2\/comments?post=89"}],"version-history":[{"count":2,"href":"https:\/\/www.kalbermatter.edu.pe\/index.php\/wp-json\/wp\/v2\/pages\/89\/revisions"}],"predecessor-version":[{"id":232,"href":"https:\/\/www.kalbermatter.edu.pe\/index.php\/wp-json\/wp\/v2\/pages\/89\/revisions\/232"}],"wp:attachment":[{"href":"https:\/\/www.kalbermatter.edu.pe\/index.php\/wp-json\/wp\/v2\/media?parent=89"}],"curies":[{"name":"wp","href":"https:\/\/api.w.org\/{rel}","templated":true}]}}